{"id":11022,"date":"2018-02-06T14:22:00","date_gmt":"2018-02-06T14:22:00","guid":{"rendered":"http:\/\/reco-bueromoebel.de\/?page_id=11022"},"modified":"2018-02-06T14:22:00","modified_gmt":"2018-02-06T14:22:00","slug":"koehl-sitzmoebel","status":"publish","type":"page","link":"https:\/\/reco-bueromoebel.de\/nl\/fabrikanten\/koehl-sitzmoebel\/","title":{"rendered":"<span class=\"caps\">K\u00d6HL<\/span> Sitzm\u00f6bel"},"content":{"rendered":"<div class=\"wpb-content-wrapper\"><p>[vc_row row_type=\u201crow\u201d use_row_as_full_screen_section=\u201cyes\u201d type=\u201cfull_width\u201d text_align=\u201cleft\u201d padding_bottom=\u201c60\u201d css_animation=\u201d\u201d box_shadow_on_row=\u201cno\u201d][vc_column][vc_column_text]<img loading=\"lazy\" decoding=\"async\" class=\"alignright wp-image-6057\" src=\"https:\/\/reco-bueromoebel.de\/wp-content\/uploads\/2016\/04\/koehl_logo_2011.jpg\" alt=\"logo_koehl_2011\" width=\"150\" height=\"150\" srcset=\"https:\/\/reco-bueromoebel.de\/wp-content\/uploads\/2016\/04\/koehl_logo_2011.jpg 1553w, https:\/\/reco-bueromoebel.de\/wp-content\/uploads\/2016\/04\/koehl_logo_2011-400x400.jpg 400w, https:\/\/reco-bueromoebel.de\/wp-content\/uploads\/2016\/04\/koehl_logo_2011-1024x1024.jpg 1024w, https:\/\/reco-bueromoebel.de\/wp-content\/uploads\/2016\/04\/koehl_logo_2011-550x550.jpg 550w, https:\/\/reco-bueromoebel.de\/wp-content\/uploads\/2016\/04\/koehl_logo_2011-1000x1000.jpg 1000w, https:\/\/reco-bueromoebel.de\/wp-content\/uploads\/2016\/04\/koehl_logo_2011-700x700.jpg 700w\" sizes=\"auto, (max-width: 150px) 100vw, 150px\"><\/p>\n<p>Reco B\u00fcrom\u00f6bel en <span class=\"caps\">K\u00d6HL<\/span> werken sinds 1987 samen. <span class=\"caps\">K\u00d6HL<\/span> ontwikkelt, produceert en verkoopt ergonomische zitmeubelen van hoge kwaliteit \u2013 en doet dit als sinds 1976. Sinds het begin staan onze duurzame productkwaliteit, de motivatie en de gezondheid van de gebruikers en ecologische productieprocessen centraal. Met deze filosofie is het familiebedrijf <span class=\"caps\">K\u00d6HL<\/span> uitgegroeid tot een innovatieve fabriek, die een vooraanstaande reputatie heeft opgebouwd als competent aanspreekpunt voor ergonomische, ecologische en gebruikersgerichte zitmeubelen in heel Europa. Veel gerenommeerde klanten in Duitsland en in heel Europa vertrouwen op deze competentie &nbsp;\u2013 German Quality \u2013 Made by&nbsp;<span class=\"caps\">K\u00d6HL<\/span>[\/vc_column_text][\/vc_column][\/vc_row][vc_row row_type=\u201crow\u201d use_row_as_full_screen_section=\u201cno\u201d type=\u201cfull_width\u201d text_align=\u201cleft\u201d padding_bottom=\u201c60\u201d css_animation=\u201d\u201d box_shadow_on_row=\u201cno\u201d][vc_column][vc_video link=\u201chttps:\/\/www.youtube.com\/watch?v=0NDY2l2e12k\u201d][\/vc_column][\/vc_row][vc_row row_type=\u201crow\u201d use_row_as_full_screen_section=\u201cno\u201d type=\u201cfull_width\u201d text_align=\u201cleft\u201d padding_bottom=\u201c60\u201d css_animation=\u201d\u201d box_shadow_on_row=\u201cno\u201d][vc_column]<\/p><div class=\"latest_post_holder  boxes four_columns\"><ul class=\"post_list\"><li class=\"clearfix\"><div class=\"box_padding_border\"><div class=\"boxes_image\"><a href=\"https:\/\/reco-bueromoebel.de\/nl\/koehl-airseat\/\"><img loading=\"lazy\" decoding=\"async\" width=\"550\" height=\"550\" src=\"https:\/\/reco-bueromoebel.de\/wp-content\/uploads\/2016\/04\/MG_7873_1-1-550x550.jpg\" class=\"attachment-portfolio-square size-portfolio-square wp-post-image\" alt srcset=\"https:\/\/reco-bueromoebel.de\/wp-content\/uploads\/2016\/04\/MG_7873_1-1-550x550.jpg 550w, https:\/\/reco-bueromoebel.de\/wp-content\/uploads\/2016\/04\/MG_7873_1-1-1000x1000.jpg 1000w\" sizes=\"auto, (max-width: 550px) 100vw, 550px\"><span class=\"latest_post_overlay\"><\/span><\/a><\/div><div class=\"latest_post\"><div class=\"latest_post_text\"><div class=\"latest_post_title_holder\"><h4 class=\"latest_post_title \"><a href=\"https:\/\/reco-bueromoebel.de\/nl\/koehl-airseat\/\" style>K\u00f6hl <span class=\"caps\">AIR-SEAT<\/span><\/a><\/h4><\/div><div class=\"post_info_section\"><\/div><\/div><\/div><\/div><\/li><li class=\"clearfix\"><div class=\"box_padding_border\"><div class=\"boxes_image\"><a href=\"https:\/\/reco-bueromoebel.de\/nl\/koehl-anteo-alu\/\"><img loading=\"lazy\" decoding=\"async\" width=\"550\" height=\"550\" src=\"https:\/\/reco-bueromoebel.de\/wp-content\/uploads\/2016\/04\/1_MG_7973_titel-550x550.jpg\" class=\"attachment-portfolio-square size-portfolio-square wp-post-image\" alt srcset=\"https:\/\/reco-bueromoebel.de\/wp-content\/uploads\/2016\/04\/1_MG_7973_titel-550x550.jpg 550w, https:\/\/reco-bueromoebel.de\/wp-content\/uploads\/2016\/04\/1_MG_7973_titel-1000x1000.jpg 1000w\" sizes=\"auto, (max-width: 550px) 100vw, 550px\"><span class=\"latest_post_overlay\"><\/span><\/a><\/div><div class=\"latest_post\"><div class=\"latest_post_text\"><div class=\"latest_post_title_holder\"><h4 class=\"latest_post_title \"><a href=\"https:\/\/reco-bueromoebel.de\/nl\/koehl-anteo-alu\/\" style>K\u00f6hl <span class=\"caps\">ANTEO<\/span>&nbsp;Alu<\/a><\/h4><\/div><div class=\"post_info_section\"><\/div><\/div><\/div><\/div><\/li><li class=\"clearfix\"><div class=\"box_padding_border\"><div class=\"boxes_image\"><a href=\"https:\/\/reco-bueromoebel.de\/nl\/koehl-anteo\/\"><img loading=\"lazy\" decoding=\"async\" width=\"550\" height=\"550\" src=\"https:\/\/reco-bueromoebel.de\/wp-content\/uploads\/2016\/04\/ANTEO_5xN-550x550.jpg\" class=\"attachment-portfolio-square size-portfolio-square wp-post-image\" alt srcset=\"https:\/\/reco-bueromoebel.de\/wp-content\/uploads\/2016\/04\/ANTEO_5xN-550x550.jpg 550w, https:\/\/reco-bueromoebel.de\/wp-content\/uploads\/2016\/04\/ANTEO_5xN-1000x1000.jpg 1000w\" sizes=\"auto, (max-width: 550px) 100vw, 550px\"><span class=\"latest_post_overlay\"><\/span><\/a><\/div><div class=\"latest_post\"><div class=\"latest_post_text\"><div class=\"latest_post_title_holder\"><h4 class=\"latest_post_title \"><a href=\"https:\/\/reco-bueromoebel.de\/nl\/koehl-anteo\/\" style><span class=\"caps\">K\u00d6HL<\/span> <span class=\"caps\">ANTEO<\/span>&nbsp;<span class=\"caps\">BASIC<\/span><\/a><\/h4><\/div><div class=\"post_info_section\"><\/div><\/div><\/div><\/div><\/li><li class=\"clearfix\"><div class=\"box_padding_border\"><div class=\"boxes_image\"><a href=\"https:\/\/reco-bueromoebel.de\/nl\/koehl-anteo-up\/\"><img loading=\"lazy\" decoding=\"async\" width=\"550\" height=\"550\" src=\"https:\/\/reco-bueromoebel.de\/wp-content\/uploads\/2016\/06\/MG_9942-550x550.jpg\" class=\"attachment-portfolio-square size-portfolio-square wp-post-image\" alt srcset=\"https:\/\/reco-bueromoebel.de\/wp-content\/uploads\/2016\/06\/MG_9942-550x550.jpg 550w, https:\/\/reco-bueromoebel.de\/wp-content\/uploads\/2016\/06\/MG_9942-1000x1000.jpg 1000w\" sizes=\"auto, (max-width: 550px) 100vw, 550px\"><span class=\"latest_post_overlay\"><\/span><\/a><\/div><div class=\"latest_post\"><div class=\"latest_post_text\"><div class=\"latest_post_title_holder\"><h4 class=\"latest_post_title \"><a href=\"https:\/\/reco-bueromoebel.de\/nl\/koehl-anteo-up\/\" style>K\u00f6hl <span class=\"caps\">ANTEO<\/span>&nbsp;<span class=\"caps\">UP<\/span><\/a><\/h4><\/div><div class=\"post_info_section\"><\/div><\/div><\/div><\/div><\/li><li class=\"clearfix\"><div class=\"box_padding_border\"><div class=\"boxes_image\"><a href=\"https:\/\/reco-bueromoebel.de\/nl\/koehl-artiso\/\"><img loading=\"lazy\" decoding=\"async\" width=\"550\" height=\"550\" src=\"https:\/\/reco-bueromoebel.de\/wp-content\/uploads\/2018\/01\/Bild_03-550x550.jpg\" class=\"attachment-portfolio-square size-portfolio-square wp-post-image\" alt><span class=\"latest_post_overlay\"><\/span><\/a><\/div><div class=\"latest_post\"><div class=\"latest_post_text\"><div class=\"latest_post_title_holder\"><h4 class=\"latest_post_title \"><a href=\"https:\/\/reco-bueromoebel.de\/nl\/koehl-artiso\/\" style>K\u00f6hl Artiso<\/a><\/h4><\/div><div class=\"post_info_section\"><\/div><\/div><\/div><\/div><\/li><li class=\"clearfix\"><div class=\"box_padding_border\"><div class=\"boxes_image\"><a href=\"https:\/\/reco-bueromoebel.de\/nl\/koehl-calixo\/\"><img loading=\"lazy\" decoding=\"async\" width=\"550\" height=\"550\" src=\"https:\/\/reco-bueromoebel.de\/wp-content\/uploads\/2016\/04\/CALIXO_3x900_40_1-550x550.jpg\" class=\"attachment-portfolio-square size-portfolio-square wp-post-image\" alt srcset=\"https:\/\/reco-bueromoebel.de\/wp-content\/uploads\/2016\/04\/CALIXO_3x900_40_1-550x550.jpg 550w, https:\/\/reco-bueromoebel.de\/wp-content\/uploads\/2016\/04\/CALIXO_3x900_40_1-1000x1000.jpg 1000w\" sizes=\"auto, (max-width: 550px) 100vw, 550px\"><span class=\"latest_post_overlay\"><\/span><\/a><\/div><div class=\"latest_post\"><div class=\"latest_post_text\"><div class=\"latest_post_title_holder\"><h4 class=\"latest_post_title \"><a href=\"https:\/\/reco-bueromoebel.de\/nl\/koehl-calixo\/\" style>K\u00f6hl Calixo<\/a><\/h4><\/div><div class=\"post_info_section\"><\/div><\/div><\/div><\/div><\/li><li class=\"clearfix\"><div class=\"box_padding_border\"><div class=\"boxes_image\"><a href=\"https:\/\/reco-bueromoebel.de\/nl\/koehl-consito\/\"><img loading=\"lazy\" decoding=\"async\" width=\"550\" height=\"550\" src=\"https:\/\/reco-bueromoebel.de\/wp-content\/uploads\/2016\/04\/Location_CONSITO_2010_4-550x550.jpg\" class=\"attachment-portfolio-square size-portfolio-square wp-post-image\" alt srcset=\"https:\/\/reco-bueromoebel.de\/wp-content\/uploads\/2016\/04\/Location_CONSITO_2010_4-550x550.jpg 550w, https:\/\/reco-bueromoebel.de\/wp-content\/uploads\/2016\/04\/Location_CONSITO_2010_4-1000x1000.jpg 1000w\" sizes=\"auto, (max-width: 550px) 100vw, 550px\"><span class=\"latest_post_overlay\"><\/span><\/a><\/div><div class=\"latest_post\"><div class=\"latest_post_text\"><div class=\"latest_post_title_holder\"><h4 class=\"latest_post_title \"><a href=\"https:\/\/reco-bueromoebel.de\/nl\/koehl-consito\/\" style>K\u00f6hl Consito<\/a><\/h4><\/div><div class=\"post_info_section\"><\/div><\/div><\/div><\/div><\/li><li class=\"clearfix\"><div class=\"box_padding_border\"><div class=\"boxes_image\"><a href=\"https:\/\/reco-bueromoebel.de\/nl\/koehl-mireo\/\"><img loading=\"lazy\" decoding=\"async\" width=\"550\" height=\"550\" src=\"https:\/\/reco-bueromoebel.de\/wp-content\/uploads\/2016\/04\/MG_8494x-550x550.jpg\" class=\"attachment-portfolio-square size-portfolio-square wp-post-image\" alt srcset=\"https:\/\/reco-bueromoebel.de\/wp-content\/uploads\/2016\/04\/MG_8494x-550x550.jpg 550w, https:\/\/reco-bueromoebel.de\/wp-content\/uploads\/2016\/04\/MG_8494x-1000x1000.jpg 1000w\" sizes=\"auto, (max-width: 550px) 100vw, 550px\"><span class=\"latest_post_overlay\"><\/span><\/a><\/div><div class=\"latest_post\"><div class=\"latest_post_text\"><div class=\"latest_post_title_holder\"><h4 class=\"latest_post_title \"><a href=\"https:\/\/reco-bueromoebel.de\/nl\/koehl-mireo\/\" style>K\u00f6hl Mireo<\/a><\/h4><\/div><div class=\"post_info_section\"><\/div><\/div><\/div><\/div><\/li><li class=\"clearfix\"><div class=\"box_padding_border\"><div class=\"boxes_image\"><a href=\"https:\/\/reco-bueromoebel.de\/nl\/koehl-multiplo\/\"><img loading=\"lazy\" decoding=\"async\" width=\"550\" height=\"550\" src=\"https:\/\/reco-bueromoebel.de\/wp-content\/uploads\/2016\/04\/4900-14-550x550.jpg\" class=\"attachment-portfolio-square size-portfolio-square wp-post-image\" alt srcset=\"https:\/\/reco-bueromoebel.de\/wp-content\/uploads\/2016\/04\/4900-14-550x550.jpg 550w, https:\/\/reco-bueromoebel.de\/wp-content\/uploads\/2016\/04\/4900-14-1000x1000.jpg 1000w\" sizes=\"auto, (max-width: 550px) 100vw, 550px\"><span class=\"latest_post_overlay\"><\/span><\/a><\/div><div class=\"latest_post\"><div class=\"latest_post_text\"><div class=\"latest_post_title_holder\"><h4 class=\"latest_post_title \"><a href=\"https:\/\/reco-bueromoebel.de\/nl\/koehl-multiplo\/\" style>K\u00f6hl Multiplo<\/a><\/h4><\/div><div class=\"post_info_section\"><\/div><\/div><\/div><\/div><\/li><li class=\"clearfix\"><div class=\"box_padding_border\"><div class=\"boxes_image\"><a href=\"https:\/\/reco-bueromoebel.de\/nl\/koehl-salveo\/\"><img loading=\"lazy\" decoding=\"async\" width=\"550\" height=\"550\" src=\"https:\/\/reco-bueromoebel.de\/wp-content\/uploads\/2016\/04\/MG_0128x-550x550.jpg\" class=\"attachment-portfolio-square size-portfolio-square wp-post-image\" alt srcset=\"https:\/\/reco-bueromoebel.de\/wp-content\/uploads\/2016\/04\/MG_0128x-550x550.jpg 550w, https:\/\/reco-bueromoebel.de\/wp-content\/uploads\/2016\/04\/MG_0128x-1000x1000.jpg 1000w\" sizes=\"auto, (max-width: 550px) 100vw, 550px\"><span class=\"latest_post_overlay\"><\/span><\/a><\/div><div class=\"latest_post\"><div class=\"latest_post_text\"><div class=\"latest_post_title_holder\"><h4 class=\"latest_post_title \"><a href=\"https:\/\/reco-bueromoebel.de\/nl\/koehl-salveo\/\" style>K\u00f6hl Salveo<\/a><\/h4><\/div><div class=\"post_info_section\"><\/div><\/div><\/div><\/div><\/li><li class=\"clearfix\"><div class=\"box_padding_border\"><div class=\"boxes_image\"><a href=\"https:\/\/reco-bueromoebel.de\/nl\/koehl-selleo\/\"><img loading=\"lazy\" decoding=\"async\" width=\"550\" height=\"550\" src=\"https:\/\/reco-bueromoebel.de\/wp-content\/uploads\/2016\/04\/MG_1436-550x550.jpg\" class=\"attachment-portfolio-square size-portfolio-square wp-post-image\" alt srcset=\"https:\/\/reco-bueromoebel.de\/wp-content\/uploads\/2016\/04\/MG_1436-550x550.jpg 550w, https:\/\/reco-bueromoebel.de\/wp-content\/uploads\/2016\/04\/MG_1436-1000x1000.jpg 1000w\" sizes=\"auto, (max-width: 550px) 100vw, 550px\"><span class=\"latest_post_overlay\"><\/span><\/a><\/div><div class=\"latest_post\"><div class=\"latest_post_text\"><div class=\"latest_post_title_holder\"><h4 class=\"latest_post_title \"><a href=\"https:\/\/reco-bueromoebel.de\/nl\/koehl-selleo\/\" style>K\u00f6hl <span class=\"caps\">SELLEO<\/span><\/a><\/h4><\/div><div class=\"post_info_section\"><\/div><\/div><\/div><\/div><\/li><li class=\"clearfix\"><div class=\"box_padding_border\"><div class=\"boxes_image\"><a href=\"https:\/\/reco-bueromoebel.de\/nl\/koehl-selleo-edge\/\"><img loading=\"lazy\" decoding=\"async\" width=\"550\" height=\"550\" src=\"https:\/\/reco-bueromoebel.de\/wp-content\/uploads\/2019\/01\/SELLEO_EDGE_F4A6600-550x550.jpg\" class=\"attachment-portfolio-square size-portfolio-square wp-post-image\" alt srcset=\"https:\/\/reco-bueromoebel.de\/wp-content\/uploads\/2019\/01\/SELLEO_EDGE_F4A6600-550x550.jpg 550w, https:\/\/reco-bueromoebel.de\/wp-content\/uploads\/2019\/01\/SELLEO_EDGE_F4A6600-1000x1000.jpg 1000w\" sizes=\"auto, (max-width: 550px) 100vw, 550px\"><span class=\"latest_post_overlay\"><\/span><\/a><\/div><div class=\"latest_post\"><div class=\"latest_post_text\"><div class=\"latest_post_title_holder\"><h4 class=\"latest_post_title \"><a href=\"https:\/\/reco-bueromoebel.de\/nl\/koehl-selleo-edge\/\" style>K\u00f6hl <span class=\"caps\">SELLEO<\/span> <span class=\"caps\">EDGE<\/span><\/a><\/h4><\/div><div class=\"post_info_section\"><\/div><\/div><\/div><\/div><\/li><\/ul><\/div>[vc_column_text el_class=\u201cbildquelle\u201d]Foto\u2019s: <span class=\"caps\">K\u00d6HL<\/span><br>\n<a href=\"https:\/\/www.koehl.com\" target=\"_blank\" rel=\"noopener\">https:\/\/www.koehl.com<\/a>[\/vc_column_text][\/vc_column][\/vc_row]\n<\/div>","protected":false},"excerpt":{"rendered":"<p>[vc_row row_type=\u201crow\u201d use_row_as_full_screen_section=\u201cyes\u201d type=\u201cfull_width\u201d text_align=\u201cleft\u201d padding_bottom=\u201c60\u201d css_animation=\u201d\u201d box_shadow_on_row=\u201cno\u201d][vc_column][vc_column_text] Reco B\u00fcrom\u00f6bel en <span class=\"caps\">K\u00d6HL<\/span> werken sinds 1987 samen. <span class=\"caps\">K\u00d6HL<\/span> ontwikkelt, produceert en verkoopt ergonomische zitmeubelen van hoge kwaliteit \u2013 en doet dit als sinds 1976. Sinds het begin staan onze duurzame productkwaliteit, de motivatie en de gezondheid\u2026<\/p>\n","protected":false},"author":4,"featured_media":0,"parent":8963,"menu_order":0,"comment_status":"closed","ping_status":"closed","template":"","meta":{"wp_typography_post_enhancements_disabled":false,"footnotes":""},"class_list":["post-11022","page","type-page","status-publish","hentry"],"yoast_head":"<!-- This site is optimized with the Yoast SEO plugin v27.4 - https:\/\/yoast.com\/product\/yoast-seo-wordpress\/ -->\n<title>K\u00d6HL Sitzm\u00f6bel - Reco B\u00fcrom\u00f6bel<\/title>\n<meta name=\"robots\" content=\"index, follow, max-snippet:-1, max-image-preview:large, max-video-preview:-1\" \/>\n<link rel=\"canonical\" href=\"https:\/\/reco-bueromoebel.de\/nl\/fabrikanten\/koehl-sitzmoebel\/\" \/>\n<meta property=\"og:locale\" content=\"nl_NL\" \/>\n<meta property=\"og:type\" content=\"article\" \/>\n<meta property=\"og:title\" content=\"K\u00d6HL Sitzm\u00f6bel - Reco B\u00fcrom\u00f6bel\" \/>\n<meta property=\"og:description\" content=\"[vc_row row_type=\u201crow\u201d use_row_as_full_screen_section=\u201cyes\u201d type=\u201cfull_width\u201d text_align=\u201cleft\u201d padding_bottom=\u201c60\u201d css_animation=\u201d\u201d box_shadow_on_row=\u201cno\u201d][vc_column][vc_column_text] Reco B\u00fcrom\u00f6bel en K\u00d6HL werken sinds 1987 samen. K\u00d6HL ontwikkelt, produceert en verkoopt ergonomische zitmeubelen van hoge kwaliteit \u2013 en doet dit als sinds 1976. Sinds het begin staan onze duurzame productkwaliteit, de motivatie en de gezondheid...\" \/>\n<meta property=\"og:url\" content=\"https:\/\/reco-bueromoebel.de\/nl\/fabrikanten\/koehl-sitzmoebel\/\" \/>\n<meta property=\"og:site_name\" content=\"Reco B\u00fcrom\u00f6bel\" \/>\n<meta property=\"og:image\" content=\"https:\/\/duitse-kantoormeubelen.nl\/wp-content\/uploads\/2016\/04\/koehl_logo_2011.jpg\" \/>\n<meta name=\"twitter:card\" content=\"summary_large_image\" \/>\n<meta name=\"twitter:label1\" content=\"Geschatte leestijd\" \/>\n\t<meta name=\"twitter:data1\" content=\"1 minuut\" \/>\n<script type=\"application\/ld+json\" class=\"yoast-schema-graph\">{\"@context\":\"https:\\\/\\\/schema.org\",\"@graph\":[{\"@type\":\"WebPage\",\"@id\":\"https:\\\/\\\/reco-bueromoebel.de\\\/nl\\\/fabrikanten\\\/koehl-sitzmoebel\\\/\",\"url\":\"https:\\\/\\\/reco-bueromoebel.de\\\/nl\\\/fabrikanten\\\/koehl-sitzmoebel\\\/\",\"name\":\"K\u00d6HL Sitzm\u00f6bel - Reco B\u00fcrom\u00f6bel\",\"isPartOf\":{\"@id\":\"https:\\\/\\\/reco-bueromoebel.de\\\/#website\"},\"primaryImageOfPage\":{\"@id\":\"https:\\\/\\\/reco-bueromoebel.de\\\/nl\\\/fabrikanten\\\/koehl-sitzmoebel\\\/#primaryimage\"},\"image\":{\"@id\":\"https:\\\/\\\/reco-bueromoebel.de\\\/nl\\\/fabrikanten\\\/koehl-sitzmoebel\\\/#primaryimage\"},\"thumbnailUrl\":\"https:\\\/\\\/reco-bueromoebel.de\\\/wp-content\\\/uploads\\\/2016\\\/04\\\/koehl_logo_2011.jpg\",\"datePublished\":\"2018-02-06T14:22:00+00:00\",\"breadcrumb\":{\"@id\":\"https:\\\/\\\/reco-bueromoebel.de\\\/nl\\\/fabrikanten\\\/koehl-sitzmoebel\\\/#breadcrumb\"},\"inLanguage\":\"nl-NL\",\"potentialAction\":[{\"@type\":\"ReadAction\",\"target\":[\"https:\\\/\\\/reco-bueromoebel.de\\\/nl\\\/fabrikanten\\\/koehl-sitzmoebel\\\/\"]}]},{\"@type\":\"ImageObject\",\"inLanguage\":\"nl-NL\",\"@id\":\"https:\\\/\\\/reco-bueromoebel.de\\\/nl\\\/fabrikanten\\\/koehl-sitzmoebel\\\/#primaryimage\",\"url\":\"https:\\\/\\\/reco-bueromoebel.de\\\/wp-content\\\/uploads\\\/2016\\\/04\\\/koehl_logo_2011.jpg\",\"contentUrl\":\"https:\\\/\\\/reco-bueromoebel.de\\\/wp-content\\\/uploads\\\/2016\\\/04\\\/koehl_logo_2011.jpg\"},{\"@type\":\"BreadcrumbList\",\"@id\":\"https:\\\/\\\/reco-bueromoebel.de\\\/nl\\\/fabrikanten\\\/koehl-sitzmoebel\\\/#breadcrumb\",\"itemListElement\":[{\"@type\":\"ListItem\",\"position\":1,\"name\":\"Home\",\"item\":\"https:\\\/\\\/reco-bueromoebel.de\\\/nl\\\/\"},{\"@type\":\"ListItem\",\"position\":2,\"name\":\"Fabrikanten\",\"item\":\"https:\\\/\\\/reco-bueromoebel.de\\\/nl\\\/fabrikanten\\\/\"},{\"@type\":\"ListItem\",\"position\":3,\"name\":\"K\u00d6HL Sitzm\u00f6bel\"}]},{\"@type\":\"WebSite\",\"@id\":\"https:\\\/\\\/reco-bueromoebel.de\\\/#website\",\"url\":\"https:\\\/\\\/reco-bueromoebel.de\\\/\",\"name\":\"Reco B\u00fcrom\u00f6bel\",\"description\":\"\",\"potentialAction\":[{\"@type\":\"SearchAction\",\"target\":{\"@type\":\"EntryPoint\",\"urlTemplate\":\"https:\\\/\\\/reco-bueromoebel.de\\\/?s={search_term_string}\"},\"query-input\":{\"@type\":\"PropertyValueSpecification\",\"valueRequired\":true,\"valueName\":\"search_term_string\"}}],\"inLanguage\":\"nl-NL\"}]}<\/script>\n<!-- \/ Yoast SEO plugin. -->","yoast_head_json":{"title":"K\u00d6HL Sitzm\u00f6bel - Reco B\u00fcrom\u00f6bel","robots":{"index":"index","follow":"follow","max-snippet":"max-snippet:-1","max-image-preview":"max-image-preview:large","max-video-preview":"max-video-preview:-1"},"canonical":"https:\/\/reco-bueromoebel.de\/nl\/fabrikanten\/koehl-sitzmoebel\/","og_locale":"nl_NL","og_type":"article","og_title":"K\u00d6HL Sitzm\u00f6bel - Reco B\u00fcrom\u00f6bel","og_description":"[vc_row row_type=\u201crow\u201d use_row_as_full_screen_section=\u201cyes\u201d type=\u201cfull_width\u201d text_align=\u201cleft\u201d padding_bottom=\u201c60\u201d css_animation=\u201d\u201d box_shadow_on_row=\u201cno\u201d][vc_column][vc_column_text] Reco B\u00fcrom\u00f6bel en K\u00d6HL werken sinds 1987 samen. K\u00d6HL ontwikkelt, produceert en verkoopt ergonomische zitmeubelen van hoge kwaliteit \u2013 en doet dit als sinds 1976. Sinds het begin staan onze duurzame productkwaliteit, de motivatie en de gezondheid...","og_url":"https:\/\/reco-bueromoebel.de\/nl\/fabrikanten\/koehl-sitzmoebel\/","og_site_name":"Reco B\u00fcrom\u00f6bel","og_image":[{"url":"https:\/\/duitse-kantoormeubelen.nl\/wp-content\/uploads\/2016\/04\/koehl_logo_2011.jpg","type":"","width":"","height":""}],"twitter_card":"summary_large_image","twitter_misc":{"Geschatte leestijd":"1 minuut"},"schema":{"@context":"https:\/\/schema.org","@graph":[{"@type":"WebPage","@id":"https:\/\/reco-bueromoebel.de\/nl\/fabrikanten\/koehl-sitzmoebel\/","url":"https:\/\/reco-bueromoebel.de\/nl\/fabrikanten\/koehl-sitzmoebel\/","name":"K\u00d6HL Sitzm\u00f6bel - Reco B\u00fcrom\u00f6bel","isPartOf":{"@id":"https:\/\/reco-bueromoebel.de\/#website"},"primaryImageOfPage":{"@id":"https:\/\/reco-bueromoebel.de\/nl\/fabrikanten\/koehl-sitzmoebel\/#primaryimage"},"image":{"@id":"https:\/\/reco-bueromoebel.de\/nl\/fabrikanten\/koehl-sitzmoebel\/#primaryimage"},"thumbnailUrl":"https:\/\/reco-bueromoebel.de\/wp-content\/uploads\/2016\/04\/koehl_logo_2011.jpg","datePublished":"2018-02-06T14:22:00+00:00","breadcrumb":{"@id":"https:\/\/reco-bueromoebel.de\/nl\/fabrikanten\/koehl-sitzmoebel\/#breadcrumb"},"inLanguage":"nl-NL","potentialAction":[{"@type":"ReadAction","target":["https:\/\/reco-bueromoebel.de\/nl\/fabrikanten\/koehl-sitzmoebel\/"]}]},{"@type":"ImageObject","inLanguage":"nl-NL","@id":"https:\/\/reco-bueromoebel.de\/nl\/fabrikanten\/koehl-sitzmoebel\/#primaryimage","url":"https:\/\/reco-bueromoebel.de\/wp-content\/uploads\/2016\/04\/koehl_logo_2011.jpg","contentUrl":"https:\/\/reco-bueromoebel.de\/wp-content\/uploads\/2016\/04\/koehl_logo_2011.jpg"},{"@type":"BreadcrumbList","@id":"https:\/\/reco-bueromoebel.de\/nl\/fabrikanten\/koehl-sitzmoebel\/#breadcrumb","itemListElement":[{"@type":"ListItem","position":1,"name":"Home","item":"https:\/\/reco-bueromoebel.de\/nl\/"},{"@type":"ListItem","position":2,"name":"Fabrikanten","item":"https:\/\/reco-bueromoebel.de\/nl\/fabrikanten\/"},{"@type":"ListItem","position":3,"name":"K\u00d6HL Sitzm\u00f6bel"}]},{"@type":"WebSite","@id":"https:\/\/reco-bueromoebel.de\/#website","url":"https:\/\/reco-bueromoebel.de\/","name":"Reco B\u00fcrom\u00f6bel","description":"","potentialAction":[{"@type":"SearchAction","target":{"@type":"EntryPoint","urlTemplate":"https:\/\/reco-bueromoebel.de\/?s={search_term_string}"},"query-input":{"@type":"PropertyValueSpecification","valueRequired":true,"valueName":"search_term_string"}}],"inLanguage":"nl-NL"}]}},"_links":{"self":[{"href":"https:\/\/reco-bueromoebel.de\/nl\/wp-json\/wp\/v2\/pages\/11022\/"}],"collection":[{"href":"https:\/\/reco-bueromoebel.de\/nl\/wp-json\/wp\/v2\/pages\/"}],"about":[{"href":"https:\/\/reco-bueromoebel.de\/nl\/wp-json\/wp\/v2\/types\/page\/"}],"author":[{"embeddable":true,"href":"https:\/\/reco-bueromoebel.de\/nl\/wp-json\/wp\/v2\/users\/4\/"}],"replies":[{"embeddable":true,"href":"https:\/\/reco-bueromoebel.de\/nl\/wp-json\/wp\/v2\/comments\/?post=11022"}],"version-history":[{"count":1,"href":"https:\/\/reco-bueromoebel.de\/nl\/wp-json\/wp\/v2\/pages\/11022\/revisions\/"}],"predecessor-version":[{"id":11023,"href":"https:\/\/reco-bueromoebel.de\/nl\/wp-json\/wp\/v2\/pages\/11022\/revisions\/11023\/"}],"up":[{"embeddable":true,"href":"https:\/\/reco-bueromoebel.de\/nl\/wp-json\/wp\/v2\/pages\/8963\/"}],"wp:attachment":[{"href":"https:\/\/reco-bueromoebel.de\/nl\/wp-json\/wp\/v2\/media\/?parent=11022"}],"curies":[{"name":"wp","href":"https:\/\/api.w.org\/{rel}","templated":true}]}}