{"id":11047,"date":"2018-02-06T14:33:38","date_gmt":"2018-02-06T14:33:38","guid":{"rendered":"http:\/\/reco-bueromoebel.de\/?page_id=11047"},"modified":"2018-02-06T14:35:09","modified_gmt":"2018-02-06T14:35:09","slug":"loeffler","status":"publish","type":"page","link":"https:\/\/reco-bueromoebel.de\/nl\/fabrikanten\/loeffler\/","title":{"rendered":"<span class=\"caps\">L\u00d6FFLER<\/span>"},"content":{"rendered":"<div class=\"wpb-content-wrapper\"><p>[vc_row row_type=\u201crow\u201d use_row_as_full_screen_section=\u201cno\u201d type=\u201cfull_width\u201d text_align=\u201cleft\u201d css_animation=\u201d\u201d box_shadow_on_row=\u201cno\u201d][vc_column][vc_column_text]<img loading=\"lazy\" decoding=\"async\" class=\"alignright wp-image-8267\" src=\"https:\/\/duitse-kantoormeubelen.nl\/wp-content\/uploads\/2016\/06\/loeffler-logo-rgb.jpg\" width=\"151\" height=\"28\" srcset=\"https:\/\/reco-bueromoebel.de\/wp-content\/uploads\/2016\/06\/loeffler-logo-rgb.jpg 770w, https:\/\/reco-bueromoebel.de\/wp-content\/uploads\/2016\/06\/loeffler-logo-rgb-400x74.jpg 400w, https:\/\/reco-bueromoebel.de\/wp-content\/uploads\/2016\/06\/loeffler-logo-rgb-700x130.jpg 700w\" sizes=\"auto, (max-width: 151px) 100vw, 151px\">[\/vc_column_text][\/vc_column][\/vc_row][vc_row row_type=\u201crow\u201d use_row_as_full_screen_section=\u201cno\u201d type=\u201cfull_width\u201d text_align=\u201cleft\u201d css_animation=\u201d\u201d box_shadow_on_row=\u201cno\u201d][vc_column][vc_column_text]Hier een uittreksel uit onze productportfolio van de fabrikant L\u00f6ffler.<\/p>\n<p>Naast de hier aangeboden producten, ontvangt u rechtstreeks van ons meer informatie over de producten en mogelijkheden: <a href=\"https:\/\/duitse-kantoormeubelen.nl\/contact\/\">Contact<\/a><\/p>\n<p>U vindt ook enkele productievideo\u2019s van L\u00f6ffler op <a href=\"https:\/\/www.youtube.com\/channel\/UCZLUAgA8m6eoUCYu2QuX4Pg\" target=\"_blank\" rel=\"noopener\">YouTube<\/a>.[\/vc_column_text][\/vc_column][\/vc_row][vc_row row_type=\u201crow\u201d use_row_as_full_screen_section=\u201cno\u201d type=\u201cfull_width\u201d text_align=\u201cleft\u201d padding_top=\u201c60\u201d padding_bottom=\u201c60\u201d css_animation=\u201d\u201d box_shadow_on_row=\u201cno\u201d][vc_column]<\/p><div class=\"latest_post_holder  boxes three_columns\"><ul class=\"post_list\"><li class=\"clearfix\"><div class=\"box_padding_border\"><div class=\"boxes_image\"><a href=\"https:\/\/reco-bueromoebel.de\/nl\/loeffler-aogo\/\"><img loading=\"lazy\" decoding=\"async\" width=\"500\" height=\"500\" src=\"https:\/\/reco-bueromoebel.de\/wp-content\/uploads\/2016\/06\/aogo-eg4v-anthrazit-rot-34seitlich-500x500px.jpg\" class=\"attachment-portfolio-square size-portfolio-square wp-post-image\" alt srcset=\"https:\/\/reco-bueromoebel.de\/wp-content\/uploads\/2016\/06\/aogo-eg4v-anthrazit-rot-34seitlich-500x500px.jpg 500w, https:\/\/reco-bueromoebel.de\/wp-content\/uploads\/2016\/06\/aogo-eg4v-anthrazit-rot-34seitlich-500x500px-400x400.jpg 400w\" sizes=\"auto, (max-width: 500px) 100vw, 500px\"><span class=\"latest_post_overlay\"><\/span><\/a><\/div><div class=\"latest_post\"><div class=\"latest_post_text\"><div class=\"latest_post_title_holder\"><h4 class=\"latest_post_title \"><a href=\"https:\/\/reco-bueromoebel.de\/nl\/loeffler-aogo\/\" style><span class=\"caps\">L\u00d6FFLER<\/span> <span class=\"caps\">AOGO<\/span><\/a><\/h4><\/div><div class=\"post_info_section\"><\/div><\/div><\/div><\/div><\/li><li class=\"clearfix\"><div class=\"box_padding_border\"><div class=\"boxes_image\"><a href=\"https:\/\/reco-bueromoebel.de\/nl\/loeffler-cymo\/\"><img loading=\"lazy\" decoding=\"async\" width=\"500\" height=\"500\" src=\"https:\/\/reco-bueromoebel.de\/wp-content\/uploads\/2016\/06\/cymo-cy15-anthrazit-front-ohne-armlehnen-500x500px.jpg\" class=\"attachment-portfolio-square size-portfolio-square wp-post-image\" alt srcset=\"https:\/\/reco-bueromoebel.de\/wp-content\/uploads\/2016\/06\/cymo-cy15-anthrazit-front-ohne-armlehnen-500x500px.jpg 500w, https:\/\/reco-bueromoebel.de\/wp-content\/uploads\/2016\/06\/cymo-cy15-anthrazit-front-ohne-armlehnen-500x500px-400x400.jpg 400w\" sizes=\"auto, (max-width: 500px) 100vw, 500px\"><span class=\"latest_post_overlay\"><\/span><\/a><\/div><div class=\"latest_post\"><div class=\"latest_post_text\"><div class=\"latest_post_title_holder\"><h4 class=\"latest_post_title \"><a href=\"https:\/\/reco-bueromoebel.de\/nl\/loeffler-cymo\/\" style><span class=\"caps\">L\u00d6FFLER<\/span> <span class=\"caps\">CYMO<\/span><\/a><\/h4><\/div><div class=\"post_info_section\"><\/div><\/div><\/div><\/div><\/li><li class=\"clearfix\"><div class=\"box_padding_border\"><div class=\"boxes_image\"><a href=\"https:\/\/reco-bueromoebel.de\/nl\/loeffler-ergo\/\"><img loading=\"lazy\" decoding=\"async\" width=\"500\" height=\"500\" src=\"https:\/\/reco-bueromoebel.de\/wp-content\/uploads\/2016\/06\/ergo-eg1m-gruen-500x500px.jpg\" class=\"attachment-portfolio-square size-portfolio-square wp-post-image\" alt srcset=\"https:\/\/reco-bueromoebel.de\/wp-content\/uploads\/2016\/06\/ergo-eg1m-gruen-500x500px.jpg 500w, https:\/\/reco-bueromoebel.de\/wp-content\/uploads\/2016\/06\/ergo-eg1m-gruen-500x500px-400x400.jpg 400w\" sizes=\"auto, (max-width: 500px) 100vw, 500px\"><span class=\"latest_post_overlay\"><\/span><\/a><\/div><div class=\"latest_post\"><div class=\"latest_post_text\"><div class=\"latest_post_title_holder\"><h4 class=\"latest_post_title \"><a href=\"https:\/\/reco-bueromoebel.de\/nl\/loeffler-ergo\/\" style><span class=\"caps\">L\u00d6FFLER<\/span> <span class=\"caps\">ERGO<\/span><\/a><\/h4><\/div><div class=\"post_info_section\"><\/div><\/div><\/div><\/div><\/li><li class=\"clearfix\"><div class=\"box_padding_border\"><div class=\"boxes_image\"><a href=\"https:\/\/reco-bueromoebel.de\/nl\/loeffler-figo\/\"><img loading=\"lazy\" decoding=\"async\" width=\"500\" height=\"500\" src=\"https:\/\/reco-bueromoebel.de\/wp-content\/uploads\/2016\/06\/figo-fg20-gelb-hellgrau-front-500x500px.jpg\" class=\"attachment-portfolio-square size-portfolio-square wp-post-image\" alt srcset=\"https:\/\/reco-bueromoebel.de\/wp-content\/uploads\/2016\/06\/figo-fg20-gelb-hellgrau-front-500x500px.jpg 500w, https:\/\/reco-bueromoebel.de\/wp-content\/uploads\/2016\/06\/figo-fg20-gelb-hellgrau-front-500x500px-400x400.jpg 400w\" sizes=\"auto, (max-width: 500px) 100vw, 500px\"><span class=\"latest_post_overlay\"><\/span><\/a><\/div><div class=\"latest_post\"><div class=\"latest_post_text\"><div class=\"latest_post_title_holder\"><h4 class=\"latest_post_title \"><a href=\"https:\/\/reco-bueromoebel.de\/nl\/loeffler-figo\/\" style><span class=\"caps\">L\u00d6FFLER<\/span> <span class=\"caps\">FIGO<\/span><\/a><\/h4><\/div><div class=\"post_info_section\"><\/div><\/div><\/div><\/div><\/li><li class=\"clearfix\"><div class=\"box_padding_border\"><div class=\"boxes_image\"><a href=\"https:\/\/reco-bueromoebel.de\/nl\/loeffler-fungo\/\"><img loading=\"lazy\" decoding=\"async\" width=\"500\" height=\"500\" src=\"https:\/\/reco-bueromoebel.de\/wp-content\/uploads\/2016\/06\/fungo-fu1-blau-500x500px.jpg\" class=\"attachment-portfolio-square size-portfolio-square wp-post-image\" alt srcset=\"https:\/\/reco-bueromoebel.de\/wp-content\/uploads\/2016\/06\/fungo-fu1-blau-500x500px.jpg 500w, https:\/\/reco-bueromoebel.de\/wp-content\/uploads\/2016\/06\/fungo-fu1-blau-500x500px-400x400.jpg 400w\" sizes=\"auto, (max-width: 500px) 100vw, 500px\"><span class=\"latest_post_overlay\"><\/span><\/a><\/div><div class=\"latest_post\"><div class=\"latest_post_text\"><div class=\"latest_post_title_holder\"><h4 class=\"latest_post_title \"><a href=\"https:\/\/reco-bueromoebel.de\/nl\/loeffler-fungo\/\" style><span class=\"caps\">L\u00d6FFLER<\/span> <span class=\"caps\">FUNGO<\/span><\/a><\/h4><\/div><div class=\"post_info_section\"><\/div><\/div><\/div><\/div><\/li><li class=\"clearfix\"><div class=\"box_padding_border\"><div class=\"boxes_image\"><a href=\"https:\/\/reco-bueromoebel.de\/nl\/loeffler-knopfler\/\"><img loading=\"lazy\" decoding=\"async\" width=\"500\" height=\"500\" src=\"https:\/\/reco-bueromoebel.de\/wp-content\/uploads\/2016\/06\/knopfler-kn98-creme-34seitlich-500x500px.jpg\" class=\"attachment-portfolio-square size-portfolio-square wp-post-image\" alt srcset=\"https:\/\/reco-bueromoebel.de\/wp-content\/uploads\/2016\/06\/knopfler-kn98-creme-34seitlich-500x500px.jpg 500w, https:\/\/reco-bueromoebel.de\/wp-content\/uploads\/2016\/06\/knopfler-kn98-creme-34seitlich-500x500px-400x400.jpg 400w\" sizes=\"auto, (max-width: 500px) 100vw, 500px\"><span class=\"latest_post_overlay\"><\/span><\/a><\/div><div class=\"latest_post\"><div class=\"latest_post_text\"><div class=\"latest_post_title_holder\"><h4 class=\"latest_post_title \"><a href=\"https:\/\/reco-bueromoebel.de\/nl\/loeffler-knopfler\/\" style><span class=\"caps\">L\u00d6FFLER<\/span> <span class=\"caps\">KNOPFLER<\/span><\/a><\/h4><\/div><div class=\"post_info_section\"><\/div><\/div><\/div><\/div><\/li><li class=\"clearfix\"><div class=\"box_padding_border\"><div class=\"boxes_image\"><a href=\"https:\/\/reco-bueromoebel.de\/nl\/loeffler-lezgo\/\"><img loading=\"lazy\" decoding=\"async\" width=\"500\" height=\"500\" src=\"https:\/\/reco-bueromoebel.de\/wp-content\/uploads\/2016\/06\/lezgo-lg74-gruen-34seitlich-500x500px.jpg\" class=\"attachment-portfolio-square size-portfolio-square wp-post-image\" alt srcset=\"https:\/\/reco-bueromoebel.de\/wp-content\/uploads\/2016\/06\/lezgo-lg74-gruen-34seitlich-500x500px.jpg 500w, https:\/\/reco-bueromoebel.de\/wp-content\/uploads\/2016\/06\/lezgo-lg74-gruen-34seitlich-500x500px-400x400.jpg 400w\" sizes=\"auto, (max-width: 500px) 100vw, 500px\"><span class=\"latest_post_overlay\"><\/span><\/a><\/div><div class=\"latest_post\"><div class=\"latest_post_text\"><div class=\"latest_post_title_holder\"><h4 class=\"latest_post_title \"><a href=\"https:\/\/reco-bueromoebel.de\/nl\/loeffler-lezgo\/\" style><span class=\"caps\">L\u00d6FFLER<\/span> <span class=\"caps\">LEZGO<\/span><\/a><\/h4><\/div><div class=\"post_info_section\"><\/div><\/div><\/div><\/div><\/li><li class=\"clearfix\"><div class=\"box_padding_border\"><div class=\"boxes_image\"><a href=\"https:\/\/reco-bueromoebel.de\/nl\/loeffler-lezgo-xl\/\"><img loading=\"lazy\" decoding=\"async\" width=\"550\" height=\"550\" src=\"https:\/\/reco-bueromoebel.de\/wp-content\/uploads\/2019\/01\/Lezgo-XL-24h-Kategorie-XL-550x550.jpg\" class=\"attachment-portfolio-square size-portfolio-square wp-post-image\" alt srcset=\"https:\/\/reco-bueromoebel.de\/wp-content\/uploads\/2019\/01\/Lezgo-XL-24h-Kategorie-XL-550x550.jpg 550w, https:\/\/reco-bueromoebel.de\/wp-content\/uploads\/2019\/01\/Lezgo-XL-24h-Kategorie-XL-400x400.jpg 400w, https:\/\/reco-bueromoebel.de\/wp-content\/uploads\/2019\/01\/Lezgo-XL-24h-Kategorie-XL-1024x1024.jpg 1024w, https:\/\/reco-bueromoebel.de\/wp-content\/uploads\/2019\/01\/Lezgo-XL-24h-Kategorie-XL-1000x1000.jpg 1000w, https:\/\/reco-bueromoebel.de\/wp-content\/uploads\/2019\/01\/Lezgo-XL-24h-Kategorie-XL-700x700.jpg 700w\" sizes=\"auto, (max-width: 550px) 100vw, 550px\"><span class=\"latest_post_overlay\"><\/span><\/a><\/div><div class=\"latest_post\"><div class=\"latest_post_text\"><div class=\"latest_post_title_holder\"><h4 class=\"latest_post_title \"><a href=\"https:\/\/reco-bueromoebel.de\/nl\/loeffler-lezgo-xl\/\" style><span class=\"caps\">L\u00d6FFLER<\/span> <span class=\"caps\">LEZGO<\/span>&nbsp;<span class=\"caps\">XL<\/span><\/a><\/h4><\/div><div class=\"post_info_section\"><\/div><\/div><\/div><\/div><\/li><li class=\"clearfix\"><div class=\"box_padding_border\"><div class=\"boxes_image\"><a href=\"https:\/\/reco-bueromoebel.de\/nl\/loeffler-mesami\/\"><img loading=\"lazy\" decoding=\"async\" width=\"500\" height=\"500\" src=\"https:\/\/reco-bueromoebel.de\/wp-content\/uploads\/2016\/06\/besucherstuhl-mesami2-mm-0060.jpg\" class=\"attachment-portfolio-square size-portfolio-square wp-post-image\" alt srcset=\"https:\/\/reco-bueromoebel.de\/wp-content\/uploads\/2016\/06\/besucherstuhl-mesami2-mm-0060.jpg 500w, https:\/\/reco-bueromoebel.de\/wp-content\/uploads\/2016\/06\/besucherstuhl-mesami2-mm-0060-400x400.jpg 400w\" sizes=\"auto, (max-width: 500px) 100vw, 500px\"><span class=\"latest_post_overlay\"><\/span><\/a><\/div><div class=\"latest_post\"><div class=\"latest_post_text\"><div class=\"latest_post_title_holder\"><h4 class=\"latest_post_title \"><a href=\"https:\/\/reco-bueromoebel.de\/nl\/loeffler-mesami\/\" style><span class=\"caps\">L\u00d6FFLER<\/span> <span class=\"caps\">MESAMI<\/span><\/a><\/h4><\/div><div class=\"post_info_section\"><\/div><\/div><\/div><\/div><\/li><li class=\"clearfix\"><div class=\"box_padding_border\"><div class=\"boxes_image\"><a href=\"https:\/\/reco-bueromoebel.de\/nl\/loeffler-panamero\/\"><img loading=\"lazy\" decoding=\"async\" width=\"500\" height=\"500\" src=\"https:\/\/reco-bueromoebel.de\/wp-content\/uploads\/2016\/06\/loeffler-panamero-anthrazit-schwarz-front-500x500px.jpg\" class=\"attachment-portfolio-square size-portfolio-square wp-post-image\" alt srcset=\"https:\/\/reco-bueromoebel.de\/wp-content\/uploads\/2016\/06\/loeffler-panamero-anthrazit-schwarz-front-500x500px.jpg 500w, https:\/\/reco-bueromoebel.de\/wp-content\/uploads\/2016\/06\/loeffler-panamero-anthrazit-schwarz-front-500x500px-400x400.jpg 400w\" sizes=\"auto, (max-width: 500px) 100vw, 500px\"><span class=\"latest_post_overlay\"><\/span><\/a><\/div><div class=\"latest_post\"><div class=\"latest_post_text\"><div class=\"latest_post_title_holder\"><h4 class=\"latest_post_title \"><a href=\"https:\/\/reco-bueromoebel.de\/nl\/loeffler-panamero\/\" style><span class=\"caps\">L\u00d6FFLER<\/span> <span class=\"caps\">PANAMERO<\/span><\/a><\/h4><\/div><div class=\"post_info_section\"><\/div><\/div><\/div><\/div><\/li><li class=\"clearfix\"><div class=\"box_padding_border\"><div class=\"boxes_image\"><a href=\"https:\/\/reco-bueromoebel.de\/nl\/loeffler-sedlo\/\"><img loading=\"lazy\" decoding=\"async\" width=\"500\" height=\"500\" src=\"https:\/\/reco-bueromoebel.de\/wp-content\/uploads\/2016\/06\/sedlo-sl2e-anthrazit-34seitlich-250x250px.jpg\" class=\"attachment-portfolio-square size-portfolio-square wp-post-image\" alt srcset=\"https:\/\/reco-bueromoebel.de\/wp-content\/uploads\/2016\/06\/sedlo-sl2e-anthrazit-34seitlich-250x250px.jpg 500w, https:\/\/reco-bueromoebel.de\/wp-content\/uploads\/2016\/06\/sedlo-sl2e-anthrazit-34seitlich-250x250px-400x400.jpg 400w\" sizes=\"auto, (max-width: 500px) 100vw, 500px\"><span class=\"latest_post_overlay\"><\/span><\/a><\/div><div class=\"latest_post\"><div class=\"latest_post_text\"><div class=\"latest_post_title_holder\"><h4 class=\"latest_post_title \"><a href=\"https:\/\/reco-bueromoebel.de\/nl\/loeffler-sedlo\/\" style><span class=\"caps\">L\u00d6FFLER<\/span> <span class=\"caps\">SEDLO<\/span><\/a><\/h4><\/div><div class=\"post_info_section\"><\/div><\/div><\/div><\/div><\/li><li class=\"clearfix\"><div class=\"box_padding_border\"><div class=\"boxes_image\"><a href=\"https:\/\/reco-bueromoebel.de\/nl\/loeffler-tango\/\"><img loading=\"lazy\" decoding=\"async\" width=\"500\" height=\"500\" src=\"https:\/\/reco-bueromoebel.de\/wp-content\/uploads\/2016\/06\/tango-tg24-lila-34seitlich-500x500px.jpg\" class=\"attachment-portfolio-square size-portfolio-square wp-post-image\" alt srcset=\"https:\/\/reco-bueromoebel.de\/wp-content\/uploads\/2016\/06\/tango-tg24-lila-34seitlich-500x500px.jpg 500w, https:\/\/reco-bueromoebel.de\/wp-content\/uploads\/2016\/06\/tango-tg24-lila-34seitlich-500x500px-400x400.jpg 400w\" sizes=\"auto, (max-width: 500px) 100vw, 500px\"><span class=\"latest_post_overlay\"><\/span><\/a><\/div><div class=\"latest_post\"><div class=\"latest_post_text\"><div class=\"latest_post_title_holder\"><h4 class=\"latest_post_title \"><a href=\"https:\/\/reco-bueromoebel.de\/nl\/loeffler-tango\/\" style><span class=\"caps\">L\u00d6FFLER<\/span> <span class=\"caps\">TANGO<\/span><\/a><\/h4><\/div><div class=\"post_info_section\"><\/div><\/div><\/div><\/div><\/li><li class=\"clearfix\"><div class=\"box_padding_border\"><div class=\"boxes_image\"><a href=\"https:\/\/reco-bueromoebel.de\/nl\/loeffler-plus\/\"><img loading=\"lazy\" decoding=\"async\" width=\"500\" height=\"500\" src=\"https:\/\/reco-bueromoebel.de\/wp-content\/uploads\/2016\/06\/med-me-13-B155-500x500.jpg\" class=\"attachment-portfolio-square size-portfolio-square wp-post-image\" alt srcset=\"https:\/\/reco-bueromoebel.de\/wp-content\/uploads\/2016\/06\/med-me-13-B155-500x500.jpg 500w, https:\/\/reco-bueromoebel.de\/wp-content\/uploads\/2016\/06\/med-me-13-B155-500x500-400x400.jpg 400w\" sizes=\"auto, (max-width: 500px) 100vw, 500px\"><span class=\"latest_post_overlay\"><\/span><\/a><\/div><div class=\"latest_post\"><div class=\"latest_post_text\"><div class=\"latest_post_title_holder\"><h4 class=\"latest_post_title \"><a href=\"https:\/\/reco-bueromoebel.de\/nl\/loeffler-plus\/\" style><span class=\"caps\">L\u00d6FFLER<\/span>+<\/a><\/h4><\/div><div class=\"post_info_section\"><\/div><\/div><\/div><\/div><\/li><\/ul><\/div>[vc_column_text el_class=\u201cbildquelle\u201d]Foto\u2019s:&nbsp;<span class=\"caps\">L\u00d6FFLER<\/span> GmbH<br>\n<a href=\"https:\/\/www.loeffler.de\/\" target=\"_blank\" rel=\"noopener\">https:\/\/www.loeffler.de\/<\/a>[\/vc_column_text][\/vc_column][\/vc_row]\n<\/div>","protected":false},"excerpt":{"rendered":"<p>[vc_row row_type=\u201crow\u201d use_row_as_full_screen_section=\u201cno\u201d type=\u201cfull_width\u201d text_align=\u201cleft\u201d css_animation=\u201d\u201d box_shadow_on_row=\u201cno\u201d][vc_column][vc_column_text][\/vc_column_text][\/vc_column][\/vc_row][vc_row row_type=\u201crow\u201d use_row_as_full_screen_section=\u201cno\u201d type=\u201cfull_width\u201d text_align=\u201cleft\u201d css_animation=\u201d\u201d box_shadow_on_row=\u201cno\u201d][vc_column][vc_column_text]Hier een uittreksel uit onze productportfolio van de fabrikant L\u00f6ffler. Naast de hier aangeboden producten, ontvangt u rechtstreeks van ons meer informatie over de producten en mogelijkheden: Contact U vindt ook enkele productievideo\u2019s\u2026<\/p>\n","protected":false},"author":4,"featured_media":0,"parent":8963,"menu_order":0,"comment_status":"closed","ping_status":"closed","template":"","meta":{"wp_typography_post_enhancements_disabled":false,"footnotes":""},"class_list":["post-11047","page","type-page","status-publish","hentry"],"yoast_head":"<!-- This site is optimized with the Yoast SEO plugin v27.4 - https:\/\/yoast.com\/product\/yoast-seo-wordpress\/ -->\n<title>L\u00d6FFLER - Reco B\u00fcrom\u00f6bel<\/title>\n<meta name=\"robots\" content=\"index, follow, max-snippet:-1, max-image-preview:large, max-video-preview:-1\" \/>\n<link rel=\"canonical\" href=\"https:\/\/reco-bueromoebel.de\/nl\/fabrikanten\/loeffler\/\" \/>\n<meta property=\"og:locale\" content=\"nl_NL\" \/>\n<meta property=\"og:type\" content=\"article\" \/>\n<meta property=\"og:title\" content=\"L\u00d6FFLER - Reco B\u00fcrom\u00f6bel\" \/>\n<meta property=\"og:description\" content=\"[vc_row row_type=\u201crow\u201d use_row_as_full_screen_section=\u201cno\u201d type=\u201cfull_width\u201d text_align=\u201cleft\u201d css_animation=\u201d\u201d box_shadow_on_row=\u201cno\u201d][vc_column][vc_column_text][\/vc_column_text][\/vc_column][\/vc_row][vc_row row_type=\u201crow\u201d use_row_as_full_screen_section=\u201cno\u201d type=\u201cfull_width\u201d text_align=\u201cleft\u201d css_animation=\u201d\u201d box_shadow_on_row=\u201cno\u201d][vc_column][vc_column_text]Hier een uittreksel uit onze productportfolio van de fabrikant L\u00f6ffler. Naast de hier aangeboden producten, ontvangt u rechtstreeks van ons meer informatie over de producten en mogelijkheden: Contact U vindt ook enkele productievideo\u2019s...\" \/>\n<meta property=\"og:url\" content=\"https:\/\/reco-bueromoebel.de\/nl\/fabrikanten\/loeffler\/\" \/>\n<meta property=\"og:site_name\" content=\"Reco B\u00fcrom\u00f6bel\" \/>\n<meta property=\"article:modified_time\" content=\"2018-02-06T14:35:09+00:00\" \/>\n<meta property=\"og:image\" content=\"https:\/\/duitse-kantoormeubelen.nl\/wp-content\/uploads\/2016\/06\/loeffler-logo-rgb.jpg\" \/>\n<meta name=\"twitter:card\" content=\"summary_large_image\" \/>\n<meta name=\"twitter:label1\" content=\"Geschatte leestijd\" \/>\n\t<meta name=\"twitter:data1\" content=\"1 minuut\" \/>\n<script type=\"application\/ld+json\" class=\"yoast-schema-graph\">{\"@context\":\"https:\\\/\\\/schema.org\",\"@graph\":[{\"@type\":\"WebPage\",\"@id\":\"https:\\\/\\\/reco-bueromoebel.de\\\/nl\\\/fabrikanten\\\/loeffler\\\/\",\"url\":\"https:\\\/\\\/reco-bueromoebel.de\\\/nl\\\/fabrikanten\\\/loeffler\\\/\",\"name\":\"L\u00d6FFLER - Reco B\u00fcrom\u00f6bel\",\"isPartOf\":{\"@id\":\"https:\\\/\\\/reco-bueromoebel.de\\\/#website\"},\"primaryImageOfPage\":{\"@id\":\"https:\\\/\\\/reco-bueromoebel.de\\\/nl\\\/fabrikanten\\\/loeffler\\\/#primaryimage\"},\"image\":{\"@id\":\"https:\\\/\\\/reco-bueromoebel.de\\\/nl\\\/fabrikanten\\\/loeffler\\\/#primaryimage\"},\"thumbnailUrl\":\"https:\\\/\\\/duitse-kantoormeubelen.nl\\\/wp-content\\\/uploads\\\/2016\\\/06\\\/loeffler-logo-rgb.jpg\",\"datePublished\":\"2018-02-06T14:33:38+00:00\",\"dateModified\":\"2018-02-06T14:35:09+00:00\",\"breadcrumb\":{\"@id\":\"https:\\\/\\\/reco-bueromoebel.de\\\/nl\\\/fabrikanten\\\/loeffler\\\/#breadcrumb\"},\"inLanguage\":\"nl-NL\",\"potentialAction\":[{\"@type\":\"ReadAction\",\"target\":[\"https:\\\/\\\/reco-bueromoebel.de\\\/nl\\\/fabrikanten\\\/loeffler\\\/\"]}]},{\"@type\":\"ImageObject\",\"inLanguage\":\"nl-NL\",\"@id\":\"https:\\\/\\\/reco-bueromoebel.de\\\/nl\\\/fabrikanten\\\/loeffler\\\/#primaryimage\",\"url\":\"https:\\\/\\\/duitse-kantoormeubelen.nl\\\/wp-content\\\/uploads\\\/2016\\\/06\\\/loeffler-logo-rgb.jpg\",\"contentUrl\":\"https:\\\/\\\/duitse-kantoormeubelen.nl\\\/wp-content\\\/uploads\\\/2016\\\/06\\\/loeffler-logo-rgb.jpg\"},{\"@type\":\"BreadcrumbList\",\"@id\":\"https:\\\/\\\/reco-bueromoebel.de\\\/nl\\\/fabrikanten\\\/loeffler\\\/#breadcrumb\",\"itemListElement\":[{\"@type\":\"ListItem\",\"position\":1,\"name\":\"Home\",\"item\":\"https:\\\/\\\/reco-bueromoebel.de\\\/nl\\\/\"},{\"@type\":\"ListItem\",\"position\":2,\"name\":\"Fabrikanten\",\"item\":\"https:\\\/\\\/reco-bueromoebel.de\\\/nl\\\/fabrikanten\\\/\"},{\"@type\":\"ListItem\",\"position\":3,\"name\":\"L\u00d6FFLER\"}]},{\"@type\":\"WebSite\",\"@id\":\"https:\\\/\\\/reco-bueromoebel.de\\\/#website\",\"url\":\"https:\\\/\\\/reco-bueromoebel.de\\\/\",\"name\":\"Reco B\u00fcrom\u00f6bel\",\"description\":\"\",\"potentialAction\":[{\"@type\":\"SearchAction\",\"target\":{\"@type\":\"EntryPoint\",\"urlTemplate\":\"https:\\\/\\\/reco-bueromoebel.de\\\/?s={search_term_string}\"},\"query-input\":{\"@type\":\"PropertyValueSpecification\",\"valueRequired\":true,\"valueName\":\"search_term_string\"}}],\"inLanguage\":\"nl-NL\"}]}<\/script>\n<!-- \/ Yoast SEO plugin. -->","yoast_head_json":{"title":"L\u00d6FFLER - Reco B\u00fcrom\u00f6bel","robots":{"index":"index","follow":"follow","max-snippet":"max-snippet:-1","max-image-preview":"max-image-preview:large","max-video-preview":"max-video-preview:-1"},"canonical":"https:\/\/reco-bueromoebel.de\/nl\/fabrikanten\/loeffler\/","og_locale":"nl_NL","og_type":"article","og_title":"L\u00d6FFLER - Reco B\u00fcrom\u00f6bel","og_description":"[vc_row row_type=\u201crow\u201d use_row_as_full_screen_section=\u201cno\u201d type=\u201cfull_width\u201d text_align=\u201cleft\u201d css_animation=\u201d\u201d box_shadow_on_row=\u201cno\u201d][vc_column][vc_column_text][\/vc_column_text][\/vc_column][\/vc_row][vc_row row_type=\u201crow\u201d use_row_as_full_screen_section=\u201cno\u201d type=\u201cfull_width\u201d text_align=\u201cleft\u201d css_animation=\u201d\u201d box_shadow_on_row=\u201cno\u201d][vc_column][vc_column_text]Hier een uittreksel uit onze productportfolio van de fabrikant L\u00f6ffler. Naast de hier aangeboden producten, ontvangt u rechtstreeks van ons meer informatie over de producten en mogelijkheden: Contact U vindt ook enkele productievideo\u2019s...","og_url":"https:\/\/reco-bueromoebel.de\/nl\/fabrikanten\/loeffler\/","og_site_name":"Reco B\u00fcrom\u00f6bel","article_modified_time":"2018-02-06T14:35:09+00:00","og_image":[{"url":"https:\/\/duitse-kantoormeubelen.nl\/wp-content\/uploads\/2016\/06\/loeffler-logo-rgb.jpg","type":"","width":"","height":""}],"twitter_card":"summary_large_image","twitter_misc":{"Geschatte leestijd":"1 minuut"},"schema":{"@context":"https:\/\/schema.org","@graph":[{"@type":"WebPage","@id":"https:\/\/reco-bueromoebel.de\/nl\/fabrikanten\/loeffler\/","url":"https:\/\/reco-bueromoebel.de\/nl\/fabrikanten\/loeffler\/","name":"L\u00d6FFLER - Reco B\u00fcrom\u00f6bel","isPartOf":{"@id":"https:\/\/reco-bueromoebel.de\/#website"},"primaryImageOfPage":{"@id":"https:\/\/reco-bueromoebel.de\/nl\/fabrikanten\/loeffler\/#primaryimage"},"image":{"@id":"https:\/\/reco-bueromoebel.de\/nl\/fabrikanten\/loeffler\/#primaryimage"},"thumbnailUrl":"https:\/\/duitse-kantoormeubelen.nl\/wp-content\/uploads\/2016\/06\/loeffler-logo-rgb.jpg","datePublished":"2018-02-06T14:33:38+00:00","dateModified":"2018-02-06T14:35:09+00:00","breadcrumb":{"@id":"https:\/\/reco-bueromoebel.de\/nl\/fabrikanten\/loeffler\/#breadcrumb"},"inLanguage":"nl-NL","potentialAction":[{"@type":"ReadAction","target":["https:\/\/reco-bueromoebel.de\/nl\/fabrikanten\/loeffler\/"]}]},{"@type":"ImageObject","inLanguage":"nl-NL","@id":"https:\/\/reco-bueromoebel.de\/nl\/fabrikanten\/loeffler\/#primaryimage","url":"https:\/\/duitse-kantoormeubelen.nl\/wp-content\/uploads\/2016\/06\/loeffler-logo-rgb.jpg","contentUrl":"https:\/\/duitse-kantoormeubelen.nl\/wp-content\/uploads\/2016\/06\/loeffler-logo-rgb.jpg"},{"@type":"BreadcrumbList","@id":"https:\/\/reco-bueromoebel.de\/nl\/fabrikanten\/loeffler\/#breadcrumb","itemListElement":[{"@type":"ListItem","position":1,"name":"Home","item":"https:\/\/reco-bueromoebel.de\/nl\/"},{"@type":"ListItem","position":2,"name":"Fabrikanten","item":"https:\/\/reco-bueromoebel.de\/nl\/fabrikanten\/"},{"@type":"ListItem","position":3,"name":"L\u00d6FFLER"}]},{"@type":"WebSite","@id":"https:\/\/reco-bueromoebel.de\/#website","url":"https:\/\/reco-bueromoebel.de\/","name":"Reco B\u00fcrom\u00f6bel","description":"","potentialAction":[{"@type":"SearchAction","target":{"@type":"EntryPoint","urlTemplate":"https:\/\/reco-bueromoebel.de\/?s={search_term_string}"},"query-input":{"@type":"PropertyValueSpecification","valueRequired":true,"valueName":"search_term_string"}}],"inLanguage":"nl-NL"}]}},"_links":{"self":[{"href":"https:\/\/reco-bueromoebel.de\/nl\/wp-json\/wp\/v2\/pages\/11047\/"}],"collection":[{"href":"https:\/\/reco-bueromoebel.de\/nl\/wp-json\/wp\/v2\/pages\/"}],"about":[{"href":"https:\/\/reco-bueromoebel.de\/nl\/wp-json\/wp\/v2\/types\/page\/"}],"author":[{"embeddable":true,"href":"https:\/\/reco-bueromoebel.de\/nl\/wp-json\/wp\/v2\/users\/4\/"}],"replies":[{"embeddable":true,"href":"https:\/\/reco-bueromoebel.de\/nl\/wp-json\/wp\/v2\/comments\/?post=11047"}],"version-history":[{"count":2,"href":"https:\/\/reco-bueromoebel.de\/nl\/wp-json\/wp\/v2\/pages\/11047\/revisions\/"}],"predecessor-version":[{"id":11051,"href":"https:\/\/reco-bueromoebel.de\/nl\/wp-json\/wp\/v2\/pages\/11047\/revisions\/11051\/"}],"up":[{"embeddable":true,"href":"https:\/\/reco-bueromoebel.de\/nl\/wp-json\/wp\/v2\/pages\/8963\/"}],"wp:attachment":[{"href":"https:\/\/reco-bueromoebel.de\/nl\/wp-json\/wp\/v2\/media\/?parent=11047"}],"curies":[{"name":"wp","href":"https:\/\/api.w.org\/{rel}","templated":true}]}}